{"id":269,"date":"2018-09-07T12:29:22","date_gmt":"2018-09-07T10:29:22","guid":{"rendered":"http:\/\/experiencesophro.com\/?page_id=269"},"modified":"2018-10-30T11:32:02","modified_gmt":"2018-10-30T10:32:02","slug":"les-seances-de-groupe","status":"publish","type":"page","link":"https:\/\/experiencesophro.com\/index.php\/contact\/les-seances-de-groupe\/","title":{"rendered":"Les S\u00e9ances de Groupe"},"content":{"rendered":"\n<p class=\"has-regular-font-size has-very-dark-gray-color\">Je propose diff\u00e9rents formats:<\/p>\n\n\n\n<p class=\"has-regular-font-size has-very-dark-gray-color\">Des <strong>ateliers<\/strong> ouverts \u00e0 tous portant sur une <strong>th\u00e9matique cibl\u00e9e<\/strong> (sommeil, gestion du stress par exemple). Ces ateliers th\u00e9matiques peuvent aussi s\u2019organiser en groupe ferm\u00e9 (5 \u00e0 8 s\u00e9ances hebdomadaires).<\/p>\n\n\n\n<p class=\"has-regular-font-size has-very-dark-gray-color\">Des <strong>s\u00e9ances d\u2019initiation<\/strong> \u00e0 la sophrologie pour sensibiliser les participants \u00e0 l\u2019approche et \u00e0 la pratique des techniques sophrologiques.<\/p>\n\n\n\n<p class=\"has-regular-font-size has-very-dark-gray-color\">Possibilit\u00e9 de <strong>s\u00e9ances en organisation<\/strong>, institution ou entreprise. Me contacter pour plus de d\u00e9tails.<\/p>\n\n\n\n<p class=\"has-regular-font-size has-very-dark-gray-color\">Pour chaque s\u00e9ance, un minimum de quatre participants est requis.<\/p>\n\n\n\n<p class=\"has-regular-font-size\">Le samedi, les s\u00e9ances peuvent avoir lieu au <strong>Yoga Spot<\/strong>, Laan der Hesperiden 142, 1076 DX Amsterdam (www.yogaspot.nl).<\/p>\n\n\n\n<div class=\"wp-block-image\"><figure class=\"aligncenter is-resized\"><img loading=\"lazy\" src=\"http:\/\/experiencesophro.com\/wp-content\/uploads\/2018\/09\/shutterstock_482962996-1.png\" alt=\"\" class=\"wp-image-272\" width=\"489\" height=\"326\" srcset=\"https:\/\/experiencesophro.com\/wp-content\/uploads\/2018\/09\/shutterstock_482962996-1.png 562w, https:\/\/experiencesophro.com\/wp-content\/uploads\/2018\/09\/shutterstock_482962996-1-300x200.png 300w\" sizes=\"(max-width: 489px) 100vw, 489px\" \/><figcaption>Faites une pause et respirez!<\/figcaption><\/figure><\/div>\n\n\n\n<p><a href=\"http:\/\/experiencesophro.com\/index.php\/contact\/tarifs\/\">Tarifs<\/a><\/p>\n","protected":false},"excerpt":{"rendered":"<p>Je propose diff\u00e9rents formats: Des ateliers ouverts \u00e0 tous portant sur une th\u00e9matique cibl\u00e9e (sommeil, gestion du stress par exemple). Ces ateliers th\u00e9matiques peuvent aussi s\u2019organiser en groupe ferm\u00e9 (5 \u00e0 8 s\u00e9ances hebdomadaires). Des s\u00e9ances d\u2019initiation \u00e0 la sophrologie&#8230; <a href=\"https:\/\/experiencesophro.com\/index.php\/contact\/les-seances-de-groupe\/\" class=\"readmore\">Read more<span class=\"screen-reader-text\">Les S\u00e9ances de Groupe<\/span><span class=\"fa fa-angle-double-right\" aria-hidden=\"true\"><\/span><\/a><\/p>\n","protected":false},"author":1,"featured_media":0,"parent":74,"menu_order":0,"comment_status":"closed","ping_status":"closed","template":"","meta":[],"_links":{"self":[{"href":"https:\/\/experiencesophro.com\/index.php\/wp-json\/wp\/v2\/pages\/269"}],"collection":[{"href":"https:\/\/experiencesophro.com\/index.php\/wp-json\/wp\/v2\/pages"}],"about":[{"href":"https:\/\/experiencesophro.com\/index.php\/wp-json\/wp\/v2\/types\/page"}],"author":[{"embeddable":true,"href":"https:\/\/experiencesophro.com\/index.php\/wp-json\/wp\/v2\/users\/1"}],"replies":[{"embeddable":true,"href":"https:\/\/experiencesophro.com\/index.php\/wp-json\/wp\/v2\/comments?post=269"}],"version-history":[{"count":9,"href":"https:\/\/experiencesophro.com\/index.php\/wp-json\/wp\/v2\/pages\/269\/revisions"}],"predecessor-version":[{"id":743,"href":"https:\/\/experiencesophro.com\/index.php\/wp-json\/wp\/v2\/pages\/269\/revisions\/743"}],"up":[{"embeddable":true,"href":"https:\/\/experiencesophro.com\/index.php\/wp-json\/wp\/v2\/pages\/74"}],"wp:attachment":[{"href":"https:\/\/experiencesophro.com\/index.php\/wp-json\/wp\/v2\/media?parent=269"}],"curies":[{"name":"wp","href":"https:\/\/api.w.org\/{rel}","templated":true}]}}